{"id":6,"date":"2016-09-21T11:57:53","date_gmt":"2016-09-21T08:57:53","guid":{"rendered":"http:\/\/www.koeru.edu.ee\/kaljulepik1\/?page_id=6"},"modified":"2017-10-01T13:53:36","modified_gmt":"2017-10-01T10:53:36","slug":"avaleht","status":"publish","type":"page","link":"http:\/\/www.koeru.edu.ee\/kaljulepik\/","title":{"rendered":""},"content":{"rendered":"<p>&nbsp;<\/p>\n<p><span style=\"color: maroon; font-family: Georgia,Arial; font-size: 300%;\">N<\/span>\u00f6\u00f6paugus nelk ja peas oktoober,<img loading=\"lazy\" decoding=\"async\" class=\"alignright\" src=\"http:\/\/www.koeru.edu.ee\/kaljulepik22\/images\/logo22.png\" width=\"191\" height=\"147\" border=\"0\" \/><br \/>\nnii saabus mulle kord oktoober,<br \/>\nta seitsmes p\u00e4ev. Tean, seitsmendal kord puhkas jumal.<br \/>\nTa ringutas ja haigutas ja tukkus.<br \/>\nSiis siia ilma tolksti noormees kukkus,<br \/>\nnii natukene luulerumal.<\/p>\n<p><b>N<\/b>ii j\u00e4\u00e4dvustas oma s\u00fcnnihetke meie kandi kuulsaim mees, Koerus s\u00fcndinud ja algkoolis \u00f5ppinud luuletaja Kalju Lepik.<br \/>\n<b>E<\/b>simene luulev\u00f5istlus toimus Aruk\u00fcla m\u00f5isas 7.oktoobril 2003. aastal. Sellest ajast alates ootame igal aastal oktoobrikuus Koeru neid eestimaalasi, kes natuke v\u00f5i rohkem &#8220;luulerumalad&#8221; on &#8211; osa v\u00f5tma v\u00f5i osa saama Lepiku luulev\u00f5istlusest.<\/p>\n","protected":false},"excerpt":{"rendered":"<p>&nbsp; N\u00f6\u00f6paugus nelk ja peas oktoober, nii saabus mulle kord oktoober, ta seitsmes p\u00e4ev. Tean, seitsmendal kord puhkas jumal. Ta ringutas ja haigutas ja tukkus. Siis siia ilma tolksti noormees kukkus, nii natukene luulerumal. Nii j\u00e4\u00e4dvustas oma s\u00fcnnihetke meie kandi &hellip; <a href=\"http:\/\/www.koeru.edu.ee\/kaljulepik\/\">J\u00e4tka lugemist <span class=\"meta-nav\">&rarr;<\/span><\/a><\/p>\n","protected":false},"author":1,"featured_media":0,"parent":0,"menu_order":0,"comment_status":"closed","ping_status":"closed","template":"","meta":{"footnotes":""},"class_list":["post-6","page","type-page","status-publish","hentry"],"_links":{"self":[{"href":"http:\/\/www.koeru.edu.ee\/kaljulepik\/wp-json\/wp\/v2\/pages\/6","targetHints":{"allow":["GET"]}}],"collection":[{"href":"http:\/\/www.koeru.edu.ee\/kaljulepik\/wp-json\/wp\/v2\/pages"}],"about":[{"href":"http:\/\/www.koeru.edu.ee\/kaljulepik\/wp-json\/wp\/v2\/types\/page"}],"author":[{"embeddable":true,"href":"http:\/\/www.koeru.edu.ee\/kaljulepik\/wp-json\/wp\/v2\/users\/1"}],"replies":[{"embeddable":true,"href":"http:\/\/www.koeru.edu.ee\/kaljulepik\/wp-json\/wp\/v2\/comments?post=6"}],"version-history":[{"count":5,"href":"http:\/\/www.koeru.edu.ee\/kaljulepik\/wp-json\/wp\/v2\/pages\/6\/revisions"}],"predecessor-version":[{"id":1195,"href":"http:\/\/www.koeru.edu.ee\/kaljulepik\/wp-json\/wp\/v2\/pages\/6\/revisions\/1195"}],"wp:attachment":[{"href":"http:\/\/www.koeru.edu.ee\/kaljulepik\/wp-json\/wp\/v2\/media?parent=6"}],"curies":[{"name":"wp","href":"https:\/\/api.w.org\/{rel}","templated":true}]}}