{"id":19,"date":"2016-09-21T13:03:47","date_gmt":"2016-09-21T10:03:47","guid":{"rendered":"http:\/\/www.koeru.edu.ee\/kaljulepik1\/?page_id=19"},"modified":"2019-03-20T15:13:05","modified_gmt":"2019-03-20T13:13:05","slug":"fondi-pohikiri","status":"publish","type":"page","link":"http:\/\/www.koeru.edu.ee\/kaljulepik\/fondi-pohikiri\/","title":{"rendered":"Kalju Lepiku fondi p\u00f5hikiri"},"content":{"rendered":"<p><span style=\"color: maroon; font-family: Georgia,Arial; font-size: 300%;\">K<\/span>alju Lepiku Fond on asutatud 07. oktoobril 2007 aastal Koeru Haridus- ja Kultuuriseltsi allfondina. Seltsi asutajateks on Koeru Vallavalitsus, Koeru kultuurimaja, Koeru Keskkool ning Koeru Haridus- ja Kultuuriselts.<br \/>\nFondi eesm\u00e4rk on j\u00e4\u00e4dvustada m\u00e4lestust Kalju Lepikust ning v\u00f5\u00f5rtustada meie kaunist emakeelt ja virgutada luulehuvi.<\/p>\n<p>Igal aastal, Kalju Lepiku s\u00fcnniaastap\u00e4eva laup\u00e4eval, korraldab Fond Aruk\u00fcla m\u00f5isahoones luulev\u00f5istluse. V\u00f5istlusele oodatakse igas vanuses luulehuvilisi, kes esitavad enda kirjutatud varem tr\u00fckis ilmumata luuleloomingut. Z\u00fcrii hindab nii loomingut kui ka selle esitamist.<\/p>\n<p>Fond peab t\u00e4htsaks Kalju Lepiku kodumaja asukohta paigaldatud m\u00e4lestuskivi, organiseerib selle korrasoleku ning tutvustab seda valda k\u00fclastavatele inimestele.<\/p>\n<p>Fondil on avatud oma arveldusarve, kuhu koguneb raha annetustest ning muudest v\u00f5imalikest toetustest ja projektidest. Rahalisi vahendeid kasutab Fond Kalju Lepiku ausamba loomiseks ja p\u00fcstitamiseks Aruk\u00fcla m\u00f5isa parki.<\/p>\n<p>Fondi konto omanikuks on Koeru Haridus- ja Kultuuriselts, m\u00e4rgus\u00f5naks on \u201cKalju Lepik\u201d ning a\/k number on SEB EE711010702008158006<\/p>\n","protected":false},"excerpt":{"rendered":"<p>Kalju Lepiku Fond on asutatud 07. oktoobril 2007 aastal Koeru Haridus- ja Kultuuriseltsi allfondina. Seltsi asutajateks on Koeru Vallavalitsus, Koeru kultuurimaja, Koeru Keskkool ning Koeru Haridus- ja Kultuuriselts. Fondi eesm\u00e4rk on j\u00e4\u00e4dvustada m\u00e4lestust Kalju Lepikust ning v\u00f5\u00f5rtustada meie kaunist emakeelt &hellip; <a href=\"http:\/\/www.koeru.edu.ee\/kaljulepik\/fondi-pohikiri\/\">J\u00e4tka lugemist <span class=\"meta-nav\">&rarr;<\/span><\/a><\/p>\n","protected":false},"author":1,"featured_media":0,"parent":0,"menu_order":0,"comment_status":"closed","ping_status":"closed","template":"","meta":{"footnotes":""},"class_list":["post-19","page","type-page","status-publish","hentry"],"_links":{"self":[{"href":"http:\/\/www.koeru.edu.ee\/kaljulepik\/wp-json\/wp\/v2\/pages\/19","targetHints":{"allow":["GET"]}}],"collection":[{"href":"http:\/\/www.koeru.edu.ee\/kaljulepik\/wp-json\/wp\/v2\/pages"}],"about":[{"href":"http:\/\/www.koeru.edu.ee\/kaljulepik\/wp-json\/wp\/v2\/types\/page"}],"author":[{"embeddable":true,"href":"http:\/\/www.koeru.edu.ee\/kaljulepik\/wp-json\/wp\/v2\/users\/1"}],"replies":[{"embeddable":true,"href":"http:\/\/www.koeru.edu.ee\/kaljulepik\/wp-json\/wp\/v2\/comments?post=19"}],"version-history":[{"count":3,"href":"http:\/\/www.koeru.edu.ee\/kaljulepik\/wp-json\/wp\/v2\/pages\/19\/revisions"}],"predecessor-version":[{"id":1223,"href":"http:\/\/www.koeru.edu.ee\/kaljulepik\/wp-json\/wp\/v2\/pages\/19\/revisions\/1223"}],"wp:attachment":[{"href":"http:\/\/www.koeru.edu.ee\/kaljulepik\/wp-json\/wp\/v2\/media?parent=19"}],"curies":[{"name":"wp","href":"https:\/\/api.w.org\/{rel}","templated":true}]}}