{"id":1244,"date":"2020-09-25T10:29:23","date_gmt":"2020-09-25T07:29:23","guid":{"rendered":"http:\/\/www.koeru.edu.ee\/kaljulepik\/?page_id=1244"},"modified":"2021-09-20T08:22:45","modified_gmt":"2021-09-20T05:22:45","slug":"kalju-lepiku-malestusmark","status":"publish","type":"page","link":"http:\/\/www.koeru.edu.ee\/kaljulepik\/kalju-lepiku-malestusmark\/","title":{"rendered":"Kalju Lepiku m\u00e4lestusm\u00e4rk"},"content":{"rendered":"\n<figure class=\"wp-block-embed is-type-video is-provider-youtube wp-block-embed-youtube wp-embed-aspect-16-9 wp-has-aspect-ratio\"><div class=\"wp-block-embed__wrapper\">\n<iframe loading=\"lazy\" title=\"Kalju Lepiku m\u00e4lestusm\u00e4rgi loomine\" width=\"640\" height=\"360\" src=\"https:\/\/www.youtube.com\/embed\/N0wVXUhwDBM?feature=oembed\" frameborder=\"0\" allow=\"accelerometer; autoplay; clipboard-write; encrypted-media; gyroscope; picture-in-picture; web-share\" referrerpolicy=\"strict-origin-when-cross-origin\" allowfullscreen><\/iframe>\n<\/div><\/figure>\n\n\n<p>7. oktoobril 2020. aastal m\u00f6\u00f6dus sada aastat tunnustatud Eesti luuletaja Kalju Lepiku s\u00fcnnist.<br \/>Tegemist on luuletajaga, keda paljud kirjanikud, kriitikud ja kirjandusloolased peavad \u00fcheks meie k\u00f5igi aegade rahvuslikumaks loojaks.<br \/>P\u00fcstitasime \u00fcheskoos armastatud luuletajale monumendi \u201cMaakera keskpunkt\u201d,<br \/>mille autor on skulptor Elo Liiv.<br \/>M\u00e4lestusm\u00e4rgi avamine toimus Koerus Aruk\u00fcla m\u00f5isa pargis 3. oktoobril 2020.<br \/>Annetajate nimed j\u00e4\u00e4dvustati kirjalikult.<\/p>\n\n\n<p><\/p>\n","protected":false},"excerpt":{"rendered":"<p>7. oktoobril 2020. aastal m\u00f6\u00f6dus sada aastat tunnustatud Eesti luuletaja Kalju Lepiku s\u00fcnnist.Tegemist on luuletajaga, keda paljud kirjanikud, kriitikud ja kirjandusloolased peavad \u00fcheks meie k\u00f5igi aegade rahvuslikumaks loojaks.P\u00fcstitasime \u00fcheskoos armastatud luuletajale monumendi \u201cMaakera keskpunkt\u201d,mille autor on skulptor Elo Liiv.M\u00e4lestusm\u00e4rgi avamine &hellip; <a href=\"http:\/\/www.koeru.edu.ee\/kaljulepik\/kalju-lepiku-malestusmark\/\">J\u00e4tka lugemist <span class=\"meta-nav\">&rarr;<\/span><\/a><\/p>\n","protected":false},"author":1,"featured_media":0,"parent":0,"menu_order":0,"comment_status":"closed","ping_status":"closed","template":"","meta":{"footnotes":""},"class_list":["post-1244","page","type-page","status-publish","hentry"],"_links":{"self":[{"href":"http:\/\/www.koeru.edu.ee\/kaljulepik\/wp-json\/wp\/v2\/pages\/1244","targetHints":{"allow":["GET"]}}],"collection":[{"href":"http:\/\/www.koeru.edu.ee\/kaljulepik\/wp-json\/wp\/v2\/pages"}],"about":[{"href":"http:\/\/www.koeru.edu.ee\/kaljulepik\/wp-json\/wp\/v2\/types\/page"}],"author":[{"embeddable":true,"href":"http:\/\/www.koeru.edu.ee\/kaljulepik\/wp-json\/wp\/v2\/users\/1"}],"replies":[{"embeddable":true,"href":"http:\/\/www.koeru.edu.ee\/kaljulepik\/wp-json\/wp\/v2\/comments?post=1244"}],"version-history":[{"count":5,"href":"http:\/\/www.koeru.edu.ee\/kaljulepik\/wp-json\/wp\/v2\/pages\/1244\/revisions"}],"predecessor-version":[{"id":1273,"href":"http:\/\/www.koeru.edu.ee\/kaljulepik\/wp-json\/wp\/v2\/pages\/1244\/revisions\/1273"}],"wp:attachment":[{"href":"http:\/\/www.koeru.edu.ee\/kaljulepik\/wp-json\/wp\/v2\/media?parent=1244"}],"curies":[{"name":"wp","href":"https:\/\/api.w.org\/{rel}","templated":true}]}}