{"id":12,"date":"2016-09-21T12:16:31","date_gmt":"2016-09-21T09:16:31","guid":{"rendered":"http:\/\/www.koeru.edu.ee\/kaljulepik1\/?page_id=12"},"modified":"2020-09-25T12:49:14","modified_gmt":"2020-09-25T09:49:14","slug":"luulevoistlus","status":"publish","type":"page","link":"http:\/\/www.koeru.edu.ee\/kaljulepik\/luulevoistlus\/","title":{"rendered":"Luulev\u00f5istlus"},"content":{"rendered":"<p><span style=\"color: maroon; font-family: Georgia,Arial; font-size: 300%;\">I<\/span>gal aastal alates 2003. aastast kutsuvad Koeru vallavalitsus, Koeru Keskkool,<br \/>\nKoeru Raamatukogu, Koeru Kultuurimaja ning Koeru Haridus- ja Kultuuriselts k\u00f5iki luulehuvilisi Koeru Aruk\u00fcla m\u00f5isa. Toimub Kalju\u00a0 Lepiku luulev\u00f5istlus.<\/p>\n<p><b>V<\/b>\u00f5istluse eesm\u00e4rk on virgutada luulehuvi, v\u00e4\u00e4rtustada meie kaunist emakeelt ja t\u00e4histada Kalju Lepiku s\u00fcnniaastap\u00e4eva.<\/p>\n<p>* V\u00f5istlus toimub Kalju Lepiku s\u00fcnniaastap\u00e4eva laup\u00e4eval kell 11.00 Koerus Aruk\u00fcla m\u00f5isahoones; registreerimine algab kell 10.00.<br \/>\n* Osalema on oodatud igas eas luulehuvilised.<br \/>\n* Iga osaleja esitab kuni viie minuti jooksul oma varem tr\u00fckis avaldamata luuleloomingut.<br \/>\n* Hinnatakse nii loomingut kui ka selle esitust kolmes vanuser\u00fchmas.<\/p>\n<p>* Igal aastal antakse v\u00e4lja luulevihik k\u00f5ikide osalejate luuletustega.<br \/>\n* Oma osav\u00f5tust saab teatada ja saata esitamisele tulevad tekstid kirja teel v\u00f5i elektronpostiga \u00fchele korraldajatest:<\/p>\n<p>Koeru Kultuurimaja: Paide tee 3, 73001 Koeru alev, J\u00e4rva vald, 385 4364; <a href=\"mailto:lepiku.luulevoistlus@gmail.com\">lepiku.luulevoistlus@gmail.com<\/a><br \/>\n* Registreerimisel palume kirjutada\/\u00f6elda :<br \/>\n1) l\u00fchitutvustus -kool, klass v\u00f5i elukutse, s\u00fcnniaasta, elukoht<br \/>\n2) kontakttelefon<br \/>\n3) m\u00e4rgi \u00e4ra esitusele tulevatest luuletustest \u00fcks, mis hiljem tr\u00fckitakse luulevihikusse.<\/p>\n<p>*Aastaid annetas luulev\u00f5istluse v\u00f5itjate premeerimiseks raha luuletaja lesk proua Asta Lepik, viimased aastad luuletaja t\u00fctar proua Aino Lepik von Wieren.<\/p>\n","protected":false},"excerpt":{"rendered":"<p>Igal aastal alates 2003. aastast kutsuvad Koeru vallavalitsus, Koeru Keskkool, Koeru Raamatukogu, Koeru Kultuurimaja ning Koeru Haridus- ja Kultuuriselts k\u00f5iki luulehuvilisi Koeru Aruk\u00fcla m\u00f5isa. Toimub Kalju\u00a0 Lepiku luulev\u00f5istlus. V\u00f5istluse eesm\u00e4rk on virgutada luulehuvi, v\u00e4\u00e4rtustada meie kaunist emakeelt ja t\u00e4histada Kalju &hellip; <a href=\"http:\/\/www.koeru.edu.ee\/kaljulepik\/luulevoistlus\/\">J\u00e4tka lugemist <span class=\"meta-nav\">&rarr;<\/span><\/a><\/p>\n","protected":false},"author":1,"featured_media":0,"parent":0,"menu_order":0,"comment_status":"closed","ping_status":"closed","template":"","meta":{"footnotes":""},"class_list":["post-12","page","type-page","status-publish","hentry"],"_links":{"self":[{"href":"http:\/\/www.koeru.edu.ee\/kaljulepik\/wp-json\/wp\/v2\/pages\/12","targetHints":{"allow":["GET"]}}],"collection":[{"href":"http:\/\/www.koeru.edu.ee\/kaljulepik\/wp-json\/wp\/v2\/pages"}],"about":[{"href":"http:\/\/www.koeru.edu.ee\/kaljulepik\/wp-json\/wp\/v2\/types\/page"}],"author":[{"embeddable":true,"href":"http:\/\/www.koeru.edu.ee\/kaljulepik\/wp-json\/wp\/v2\/users\/1"}],"replies":[{"embeddable":true,"href":"http:\/\/www.koeru.edu.ee\/kaljulepik\/wp-json\/wp\/v2\/comments?post=12"}],"version-history":[{"count":5,"href":"http:\/\/www.koeru.edu.ee\/kaljulepik\/wp-json\/wp\/v2\/pages\/12\/revisions"}],"predecessor-version":[{"id":1261,"href":"http:\/\/www.koeru.edu.ee\/kaljulepik\/wp-json\/wp\/v2\/pages\/12\/revisions\/1261"}],"wp:attachment":[{"href":"http:\/\/www.koeru.edu.ee\/kaljulepik\/wp-json\/wp\/v2\/media?parent=12"}],"curies":[{"name":"wp","href":"https:\/\/api.w.org\/{rel}","templated":true}]}}